{"id":65,"date":"2024-06-16T13:08:19","date_gmt":"2024-06-16T13:08:19","guid":{"rendered":"https:\/\/ifavnen.dk\/?page_id=65"},"modified":"2024-07-10T17:09:17","modified_gmt":"2024-07-10T17:09:17","slug":"referencer","status":"publish","type":"page","link":"https:\/\/ifavnen.dk\/?page_id=65","title":{"rendered":"Referencer"},"content":{"rendered":"\n<p id=\"block-1e9b9d53-9c4a-4bf2-b540-3a2352776b22\"><strong>Mia og S\u00f8ren, for\u00e6ldre til Siff<\/strong>.<\/p>\n\n\n\n<p id=\"block-1cc031ef-eb82-4d88-bbd2-32c2cc79898b\">En mere t\u00e5lmodig, omsorgsfuld og n\u00e6rv\u00e6rende dagplejer end Anne skal man lede l\u00e6nge efter &#8211; hvis det overhovedet er muligt.<\/p>\n\n\n\n<p>Anne ser b\u00f8rnene individuelt p\u00e5 en favnende, faglig og k\u00e6rlig m\u00e5de. Man fornemmer tydeligt, at der b\u00e5de er tid til sjov og ballade, at putte og f\u00e5 et kram.<\/p>\n\n\n\n<p>Hele Annes familie er utrolig im\u00f8dekommende og omsorgsfulde &#8211; deres hjem summer af hjerterum, hvor b\u00f8rnene er i fokus. Det f\u00f8les som at aflevere vores datter hos familie. En familie vi vil savne MEGET, n\u00e5r vores datter starter i b\u00f8rnehave.<\/p>\n\n\n\n<p>Vores datter er sensitiv, men Anne har form\u00e5et at rumme hende p\u00e5 fineste vis og v\u00e6ret en god sparring, n\u00e5r vores datter har haft h\u00e5rde perioder.<\/p>\n\n\n\n<p>Anne f\u00e5r de varmeste anbefalinger!<\/p>\n\n\n\n<p><\/p>\n\n\n\n<p><strong>Maiken og Kennet, for\u00e6ldre til Gabriel<\/strong>.<\/p>\n\n\n\n<p>Anne var det perfekte match for vores s\u00f8n fra dag et! Efter at have v\u00e6ret igennem flere dagplejere. De har f\u00e5et et fantastisk b\u00e5nd. Anne er super k\u00e6rlig, omsorgsfuld og er som en anden mor til ens b\u00f8rn. Hun skaber tryghed og vores s\u00f8n elsker at komme hos hende. Hun skaber ogs\u00e5 et godt forhold til for\u00e6ldrene.<\/p>\n\n\n\n<p><\/p>\n\n\n\n<p><strong>Pernille og Morten, for\u00e6ldre til Luna.<\/strong><\/p>\n\n\n\n<p>Hjertevarme og hjerterum, det finder I hos Anne! Her finder I en dagplejer, der har fokus p\u00e5 trygge rammer, trivsel og k\u00e6rlighed.<\/p>\n\n\n\n<p>Anne m\u00f8der b\u00e5de b\u00f8rn, s\u00f8skende og for\u00e6ldre i \u00f8jenh\u00f8jde. Hun ser det enkelte barn og tager hensyn til b\u00f8rnenes individuelle behov &#8211; hertil er hun b\u00e5de fagligt og personligt interesseret. Vi har en datter, der har brug for s\u00e6rlig st\u00f8tte, hvilket Anne har grebet 100%. Hun st\u00f8tter op om den l\u00e6ring og udvikling, der er fokus p\u00e5 derhjemme.<\/p>\n\n\n\n<p>Hos Anne er b\u00f8rnene en del af familien. Anne er super dygtig til at give b\u00f8rnene omsorg og de bliver altid taget imod med \u00e5bne arme, s\u00e5 hvert enkelte barn rummes.<\/p>\n\n\n\n<p>Vores datter er altid glad for at blive afleveret hos Anne om morgenen og det er altid en glad pige, vi henter efter en sp\u00e6ndende og hyggelig dag. Det g\u00f8r, at vi som for\u00e6ldre kan tage p\u00e5 arbejde med ro i maven.<\/p>\n\n\n\n<p>Vi giver Anne en k\u00e6mpe stor anbefaling &#8211; bedre dagplejer finder I ikke!<\/p>\n\n\n\n<figure class=\"wp-block-image size-large is-resized\"><img loading=\"lazy\" decoding=\"async\" width=\"768\" height=\"1024\" src=\"http:\/\/ifavnen.dk\/wp-content\/uploads\/2024\/06\/IMG_0606-1-768x1024.jpg\" alt=\"\" class=\"wp-image-78\" style=\"width:279px;height:auto\" srcset=\"https:\/\/ifavnen.dk\/wp-content\/uploads\/2024\/06\/IMG_0606-1-768x1024.jpg 768w, https:\/\/ifavnen.dk\/wp-content\/uploads\/2024\/06\/IMG_0606-1-225x300.jpg 225w, https:\/\/ifavnen.dk\/wp-content\/uploads\/2024\/06\/IMG_0606-1-1152x1536.jpg 1152w, https:\/\/ifavnen.dk\/wp-content\/uploads\/2024\/06\/IMG_0606-1-1536x2048.jpg 1536w, https:\/\/ifavnen.dk\/wp-content\/uploads\/2024\/06\/IMG_0606-1-scaled.jpg 1920w\" sizes=\"auto, (max-width: 768px) 100vw, 768px\" \/><\/figure>\n\n\n\n<p><\/p>\n","protected":false},"excerpt":{"rendered":"<p>Mia og S\u00f8ren, for\u00e6ldre til Siff. En mere t\u00e5lmodig, omsorgsfuld og n\u00e6rv\u00e6rende dagplejer end Anne skal man lede l\u00e6nge efter &#8211; hvis det overhovedet er muligt. Anne ser b\u00f8rnene individuelt p\u00e5 en favnende, faglig og k\u00e6rlig m\u00e5de. Man fornemmer tydeligt, at der b\u00e5de er tid til sjov og ballade, at putte og f\u00e5 et kram. [&hellip;]<\/p>\n","protected":false},"author":1,"featured_media":0,"parent":0,"menu_order":0,"comment_status":"closed","ping_status":"closed","template":"","meta":{"footnotes":""},"class_list":["post-65","page","type-page","status-publish","hentry"],"_links":{"self":[{"href":"https:\/\/ifavnen.dk\/index.php?rest_route=\/wp\/v2\/pages\/65","targetHints":{"allow":["GET"]}}],"collection":[{"href":"https:\/\/ifavnen.dk\/index.php?rest_route=\/wp\/v2\/pages"}],"about":[{"href":"https:\/\/ifavnen.dk\/index.php?rest_route=\/wp\/v2\/types\/page"}],"author":[{"embeddable":true,"href":"https:\/\/ifavnen.dk\/index.php?rest_route=\/wp\/v2\/users\/1"}],"replies":[{"embeddable":true,"href":"https:\/\/ifavnen.dk\/index.php?rest_route=%2Fwp%2Fv2%2Fcomments&post=65"}],"version-history":[{"count":6,"href":"https:\/\/ifavnen.dk\/index.php?rest_route=\/wp\/v2\/pages\/65\/revisions"}],"predecessor-version":[{"id":104,"href":"https:\/\/ifavnen.dk\/index.php?rest_route=\/wp\/v2\/pages\/65\/revisions\/104"}],"wp:attachment":[{"href":"https:\/\/ifavnen.dk\/index.php?rest_route=%2Fwp%2Fv2%2Fmedia&parent=65"}],"curies":[{"name":"wp","href":"https:\/\/api.w.org\/{rel}","templated":true}]}}